{"id":1852,"date":"2019-10-12T17:43:27","date_gmt":"2019-10-12T15:43:27","guid":{"rendered":"http:\/\/wp.ggs-marktschule.de\/?page_id=1852"},"modified":"2019-10-14T09:37:25","modified_gmt":"2019-10-14T07:37:25","slug":"medienkonzept","status":"publish","type":"page","link":"https:\/\/ggs-marktschule.de\/index.php\/medienkonzept\/","title":{"rendered":"Medienkonzept"},"content":{"rendered":"\n<h2 class=\"wp-block-heading\">Medienkonzept<\/h2>\n\n\n\n<p>1. Vorbemerkungen<\/p>\n\n\n\n<p>Die Lebenswirklichkeit von Jugendlichen und Kindern hat sich \u2013 gerade was die Medienlandschaft, in der Kinder aufwachsen, betrifft \u2013 in den letzten Jahrzehnten gravierend ge\u00e4ndert. Der Umgang mit dem Computer wird immer mehr zur Voraussetzung von gesellschaftlicher Teilhabe. Der Computer mit Zugang zum Internet kann aber immer nur ein Medium der Wissensvermittlung unter vielen sein. Dennoch m\u00fcssen Kinder in die Lage versetzt werden, die digitale Informationsflut zu steuern und zu selektieren, denn die Industriegesellschaft hat sich zur Informationsgesellschaft gewandelt, in der der schnelle und umfassende Zugriff auf Informationen eine gewichtige Rolle spielt. Menschen in der Informationsgesellschaft m\u00fcssen:<\/p>\n\n\n\n<p>&#8211; Informationen strukturieren k\u00f6nnen<\/p>\n\n\n\n<p>&#8211; Suchstrategien beherrschen<\/p>\n\n\n\n<p>&#8211; Informationen verf\u00fcgbar machen k\u00f6nnen<\/p>\n\n\n\n<p>&#8211; mit den verf\u00fcgbaren Werkzeugen umgehen k\u00f6nnen<\/p>\n\n\n\n<p>&#8211; die verbindlichen Regeln der Kommunikation beherrschen<\/p>\n\n\n\n<p>Der Einsatz von Neuen Medien (speziell dem Internet) kann in der Grundschule dazu beitragen, die Medienkompetenz der Kinder zu erweitern, indem sie lernen, sich&nbsp;<em>Informationen<\/em>&nbsp;selbstst\u00e4ndig und selbstverantwortlich&nbsp;<em>anzueignen<\/em>&nbsp;und zu&nbsp;<em>verarbeiten<\/em>. Dabei soll der Computer aber keine Vorrangstellung gegen\u00fcber anderen, alt bekannten Medien (z.B. Schulbuch, Nachschlagewerk, Lexikon, Karte, Info-Brosch\u00fcre) einnehmen, sondern soll von den Kindern als ein Medium unter vielen genutzt werden.<\/p>\n\n\n\n<p>Dar\u00fcber hinaus kann der Computer mittels verschiedener Lernprogramme zu&nbsp;<em>\u00dcbungszwecken<\/em>&nbsp;und zur&nbsp;<em>Differenzierung&nbsp;<\/em>im sprachlichen und mathematischen Bereich eingesetzt werden. Im F\u00f6rderunterricht\/Offenen Anfang, Freiarbeitsphasen, Lernen an Stationen, Werkstattunterricht, Wochenplan haben die Kinder die M\u00f6glichkeit, diverse Lernprogramme als ein&nbsp; Arbeitsangebot unter anderen zu w\u00e4hlen.<\/p>\n\n\n\n<p>Es gilt folglich, Voraussetzungen f\u00fcr das neue Lehren und Lernen in der Grundschule zu schaffen:<\/p>\n\n\n\n<p>&#8211; der einzelne Computerarbeitsplatz im Klassenraum<\/p>\n\n\n\n<p>&#8211; die Auswahl und Anschaffung kind- und altersgerechter Software<\/p>\n\n\n\n<p>&#8211; die Begegnung mit dem Internet<\/p>\n\n\n\n<p>&#8211; die Fortbildung von Lehrpersonal in Computertechnik und Informatik<\/p>\n\n\n\n<p>&#8211; die Wartung der Hard- und Software<\/p>\n\n\n\n<p>F\u00fcr die GGS Marktschule ergeben sich somit im Sinne der Vermittlung basaler Elemente einer&nbsp;<em>Informations- und Kommunikationstechnischen Grundbildung<\/em>&nbsp;(IKG) zwei verschiedene Zielperspektiven:<\/p>\n\n\n\n<ol class=\"wp-block-list\"><li>Die Sch\u00fcler lernen den Computer zu bedienen und mit verschiedenen Programmen (z.B. einer Textverarbeitung) umzugehen.<\/li><li>Die Sch\u00fcler lernen den Computer als Medium zu nutzen<\/li><\/ol>\n\n\n\n<p>\u00e0zur Informationsbeschaffung aus dem Internet<\/p>\n\n\n\n<p>\u00e0zum \u00dcben von Unterrichtsinhalten mit Hilfe ausgew\u00e4hlter Lernsoftware zu den F\u00e4chern Deutsch, Mathematik, Englisch und Sachunterricht<\/p>\n\n\n\n<p>2. Medienkompetenz<\/p>\n\n\n\n<p>Wesentliches Ziel unserer schulischen Medienarbeit soll der Aufbau von Medienkompetenz sein.<\/p>\n\n\n\n<p>Medienkompetenz<\/p>\n\n\n\n<p>als Bef\u00e4higung zum Umgang mit Medien,<\/p>\n\n\n\n<p>als Bef\u00e4higung zum Nutzen und Gestalten der Medien,<\/p>\n\n\n\n<p>als Urteilsf\u00e4higkeit&nbsp; gegen\u00fcber den Botschaften der Medien.<\/p>\n\n\n\n<p>&nbsp;&nbsp;&nbsp;&nbsp;&nbsp;&nbsp;&nbsp;&nbsp;&nbsp;&nbsp;&nbsp;&nbsp; &nbsp;&nbsp;&nbsp;&nbsp;&nbsp;&nbsp;&nbsp;&nbsp;&nbsp;&nbsp;&nbsp;&nbsp;&nbsp;&nbsp;&nbsp;&nbsp;&nbsp;&nbsp;&nbsp;&nbsp;&nbsp;&nbsp;&nbsp;&nbsp;&nbsp;&nbsp;&nbsp;&nbsp;&nbsp;&nbsp;&nbsp;&nbsp;&nbsp;&nbsp;&nbsp;&nbsp;&nbsp;&nbsp;&nbsp;&nbsp;&nbsp;&nbsp;&nbsp;&nbsp;&nbsp;&nbsp;&nbsp;&nbsp;&nbsp;(vgl. Bildungskommission 1995, S. 137)<\/p>\n\n\n\n<p>Der Begriff Medienkompetenz umfasst dabei folgende Bereiche:<\/p>\n\n\n\n<p>Medienkritik: effektive Auswahl von Medien, Beurteilung der Informationsqualit\u00e4t<\/p>\n\n\n\n<p>Medienkunde: Medien bedienen k\u00f6nnen, theoretisches Wissen<\/p>\n\n\n\n<p>Mediengestaltung: Kreativit\u00e4t und Gestaltungskompetenz entwickeln.<\/p>\n\n\n\n<p>So soll entsprechend im Unterrichtsgeschehen der GGS Marksschule auch nicht allein der Aspekt der technischen Kompetenzen (vgl. Medienkunde) im Fokus der Vermittlung von Medienkompetenz stehen, sondern ebenfalls der kritische Umgang mit Medien (vgl. Medienkritik) sowie die kreative Handhabung der Medien (vgl. Mediengestaltung) vermittelt werden.<\/p>\n\n\n\n<p>Das Internet beispielshalber birgt sicherlich viele M\u00f6glichkeiten im Rahmen der Recherche von Inhalten, so etwa im Rahmen von Projektarbeiten, (vgl. Mediengestaltung), allerdings auch Gefahren, speziell f\u00fcr Kinder. Den dargebotenen Inhalten eine kritische Distanz gegen\u00fcber einzunehmen muss angebahnt werden. Durch den Vergleich und die Analyse von Texten sollen auf einer ersten Stufe verschiedene Darstellungsformen und Gestaltungsabsichten erkannt, unterschieden und bewertet (vgl. Medienkritik) werden. Auch die Gefahr des Bewegungsmangels durch inflation\u00e4re Nutzung des Mediums Computer sollte in Gemeinschaft mit den Eltern thematisiert und damit den Sch\u00fclern bewusst gemacht werden. Durch die Implementierung von regelm\u00e4\u00dfigen Bewegungsphasen im Unterricht soll dieser Gefahr zumindest in der Schule begegnet und die Kinder sollen f\u00fcr die Problematik sensibilisiert werden (vgl. Medienkritik).<\/p>\n\n\n\n<p>3. Materielle Ausstattung\/Bestandsaufnahme<\/p>\n\n\n\n<p>Jede Klasse verf\u00fcgt \u00fcber mindestens drei Computer, die ans Internet angeschlossen sind und f\u00fcr die Kinder zur Verf\u00fcgung stehen. Durch Spenden konnte die Anzahl der pro Klasse zur Verf\u00fcgung stehenden Rechner erh\u00f6ht werden. Dar\u00fcber hinaus verf\u00fcgt jede Klasse \u00fcber einen separaten PC, welcher ausschlie\u00dflich von Lehrpersonal genutzt wird. In Kooperation mit dem F\u00f6rderverein und in Eigeninitiative der KollegInnen wurden im letzten Jahr f\u00fcr jeden Klassenraum ein Drucker und ein Flachbettscanner angeschafft.<\/p>\n\n\n\n<p>a) Arbeitsmaterial f\u00fcr Lehrer\/innen<\/p>\n\n\n\n<p>Mittels des Lehrer-PCs steht jedem Lehrer der Zugang zu verschiedenen Lehrplattformen im Internet (z.B.&nbsp;<a href=\"http:\/\/www.zaubereinmaleins.de\/\">www.zaubereinmaleins.de<\/a>) sowie Text- und Bildverarbeitungsprogrammen zur Verf\u00fcgung, welche zur Unterrichtsvorbereitung benutzt werden k\u00f6nnen.<\/p>\n\n\n\n<p>b) Arbeitsmaterial f\u00fcr Sch\u00fcler\/innen<\/p>\n\n\n\n<p>Die Schule verf\u00fcgt \u00fcber Schullizenzen f\u00fcr folgende \u00dcbungs- und<\/p>\n\n\n\n<p>Lernprogramme, die f\u00fcr alle Kinder in allen Klassen zur Verf\u00fcgung stehen:<\/p>\n\n\n\n<p>&#8211; Lernwerkstatt<\/p>\n\n\n\n<p>&#8211; Antolin<\/p>\n\n\n\n<p>&#8211; Mathepirat<\/p>\n\n\n\n<p>&#8211; Schreiblabor<\/p>\n\n\n\n<p>Als Textverarbeitungsprogramm steht den Sch\u00fcler\/Innen \u201aword pad\u2019 und \u201aopen word\u2019 zur Verf\u00fcgung. Desweiteren befindet sich auf jedem PC eine Sammlung der Programme \u201aopen draw\u2019, \u201aopen excell\u2019 und \u201apower point\u2019. Dar\u00fcber hinaus wird dieses Angebot an Lernprogrammen jahrgangsgebunden und klassenspezifisch durch verschiedene \u00dcbungssoftware erg\u00e4nzt.<\/p>\n\n\n\n<p>Zentralen Charakter nimmt im Bereich der Lernsoftware die Nutzung der \u201aLernwerkstatt 8\u2019 ein. Das Programm zeichnet sich durch eine einfache Bedienung, seine Eignung f\u00fcr alle Jahrgangsstufen (1.-4. Jahrgangsstufe, F\u00e4cher Deutsch und Mathematik, Textverarbeitungprogramm) sowie das Angebot von Programmen zur Logischen Schulung aus.<\/p>\n\n\n\n<p>c) Wartung<\/p>\n\n\n\n<p>Neben Aufgaben mit p\u00e4dagogischem Schwerpunkt werden vor allem die technischen Anforderungen sowie der zeitliche Betreuungsaufwand an die materielle Ausstattung der GGS Marktschule mit einer erweiterten Medienausstattung erheblich steigen.<\/p>\n\n\n\n<p>Hier gilt es, in Abstimmung mit dem Schultr\u00e4ger unter Ber\u00fccksichtigung der kommunalen Haushaltslage vor Ort L\u00f6sungen zu finden.<\/p>\n\n\n\n<p>Netztechniker m\u00fcssen zudem schnell abrufbar sein; eine telefonische Hotline reicht nicht aus.<\/p>\n\n\n\n<p>4. Lernen und \u00dcben am Computer<\/p>\n\n\n\n<p>Der Computer beg\u00fcnstigt in vielerlei Hinsicht ein differenziertes und individualisiertes sowie gleichsam an den Lehrpl\u00e4nen orientiertes Lernen und \u00dcben.<\/p>\n\n\n\n<p>a) Lernen<\/p>\n\n\n\n<p>In den F\u00e4chern Deutsch, Mathematik und Sachunterricht steht der Computer nicht zuletzt als&nbsp;<strong>Schreibwerkzeug<\/strong>&nbsp;zur Verf\u00fcgung. Gedichte, Geschichten, Sachaufgaben, Sachtexte k\u00f6nnen mithilfe der Textverarbeitungsprogramme der Lernwerkstatt oder \u201aopen word\u2019 sowie \u201aword pad\u2019 verschriftet werden. Sowohl im Rahmen von Freiarbeit, Stationenlernen, Wochenplanarbeit, Gruppenarbeiten, aber auch im F\u00f6rderunterricht wird der Computer als Schreibwerkzeug als Lerninstrument genutzt.<\/p>\n\n\n\n<p>Als&nbsp;<strong>Informations-\/ und Wissensvermittler<\/strong>&nbsp;wird der Computer bei der themen- und projektspezifischen Einholung von Informationen schwerpunktm\u00e4\u00dfig im Fach Sachunterricht eingesetzt.<\/p>\n\n\n\n<p>Zur Gestaltung von Plakaten, Einladungen, Flyern oder Pr\u00e4sentationen k\u00f6nnen Text- und Bildverarbeitungsprogramme als&nbsp;<strong>Mal- und Gestaltungswerkzeug<\/strong>&nbsp;zus\u00e4tzlich zu den genannten F\u00e4chern in den Fachbereichen Kunst und Religion genutzt werden.<\/p>\n\n\n\n<p>b) \u00dcben<\/p>\n\n\n\n<p>Im Rahmen von Freiarbeit, Stationenlernen, Wochenplanarbeit, Gruppenarbeiten, aber auch im F\u00f6rderunterricht wird beispielshalber die Lernsoftware \u201aLernwerkstatt\u2019 unter anderem zum Rechtschreib- und Grammatiktraining und Blitzlesen im Fach Deutsch sowie zur Automatisierung von Aufgaben der Addition, Subtraktion, Multiplikation und Division und zum Umgang mit und zur Umwandlung von Gr\u00f6\u00dfen im Fach Mathematik genutzt.<\/p>\n\n\n\n<p>So k\u00f6nnen sowohl eigenaktiv oder durch gezielte Instruktion individuell R\u00e4ume zum \u00dcben erarbeiteter Lerninhalte als sinnvolle Bereicherung des \u00dcbungsrepertoires von Sch\u00fcler\/Innen mittels des Computers als&nbsp;<strong>Trainers<\/strong>&nbsp;genutzt werden.<\/p>\n\n\n\n<p>5. Grundkompetenzen der Sch\u00fcler\/innen<\/p>\n\n\n\n<p>An der GGS Marktschule hat sich das Kollegium in mehreren Fachkonferenzen \u00fcber einen einheitlichen, verbindlichen Standard verst\u00e4ndigt, welcher die elementaren Basiskompetenzen im Umgang mit dem Computer formuliert, mit welchen die Sch\u00fcler\/Innen die Jahrgangsstufen 2 respektive 4 verlassen sollten.<\/p>\n\n\n\n<p>F\u00fcr die Klassen 1 und 2:<\/p>\n\n\n\n<p>&#8211; Betriebssystem hochfahren und beenden<\/p>\n\n\n\n<p>&#8211; Umgang mit Maus und Tastatur<\/p>\n\n\n\n<p>&#8211; mit der Tastatur Buchstaben und kleine Texte mit Hilfe der Programme \u201aword &nbsp;<\/p>\n\n\n\n<p>&nbsp; pad\u2019, &nbsp;\u201aopen word\u2019 oder der Lernwerkstatt am PC schreiben und ausdrucken<\/p>\n\n\n\n<p>&#8211; Basale Fachbegriffe kennenlernen, z.B. Datei, Programm, Laufwerk etc.<\/p>\n\n\n\n<p>&#8211; den Computer als Informationsmedium kennenlernen<\/p>\n\n\n\n<p>&#8211; erster Kontakt mit dem Internet durch die \u00dcbungsprogramme \u201eAntolin\u201c<\/p>\n\n\n\n<p>&nbsp; und \u201eMathepirat\u201c<\/p>\n\n\n\n<p>&#8211; Lernsoftware \u201eLernwerkstatt\u201c &nbsp;oder \u201eSchreiblabor\u201c kennenlernen und<\/p>\n\n\n\n<p>&nbsp; benutzen<\/p>\n\n\n\n<p>F\u00fcr die Klassen 3 und 4:<\/p>\n\n\n\n<p>&#8211; Umgang mit \u201aword\u2019 erweitern: markieren, kopieren, einf\u00fcgen, Schriftgr\u00f6\u00dfe &nbsp;<\/p>\n\n\n\n<p>&nbsp;&nbsp; ver\u00e4ndern<\/p>\n\n\n\n<p>&#8211; Texte abspeichern, Ordner anlegen und wiederfinden<\/p>\n\n\n\n<p>&#8211; Nutzung der Lernsoftware \u201eLernwerkstatt\u201c&nbsp; oder \u201eSchreiblabor\u201c<\/p>\n\n\n\n<p>&#8211; ein Malprogramm kennenlernen<\/p>\n\n\n\n<p>&#8211; Teile des Computers benennen und aufzeigen k\u00f6nnen<\/p>\n\n\n\n<p>&#8211; eine E-mail in der Lernwerkstatt oder \u201eAntolin\u201c erstellen und versenden<\/p>\n\n\n\n<p>&#8211; erste Schritte zur Internetrecherche mit Kindersuchmaschinen durchf\u00fchren<\/p>\n\n\n\n<p>&#8211; Kinderseiten im Internet kennenlernen, z.B.&nbsp;<a href=\"http:\/\/www.geolino.de\/\">www.geolino.de<\/a>,&nbsp;<a href=\"http:\/\/www.blinde-kuh.de\/\">www.blinde-kuh.de<\/a>,<\/p>\n\n\n\n<p>&nbsp;&nbsp;<a href=\"http:\/\/www.die-maus.de\/\">www.die-maus.de<\/a><\/p>\n\n\n\n<p>&#8211; Anbahnung eines kritischen Umgangs mit Medieninhalten des Internets<\/p>\n\n\n\n<p>6. Darstellung im Internet<\/p>\n\n\n\n<p>Unsere Schule ist seit 2005 mit einer eigenst\u00e4ndigen Pr\u00e4senz im Internet vertreten. Unter&nbsp;<a href=\"http:\/\/marktschule.bonn.de\/\">http:\/\/marktschule.bonn.de<\/a>&nbsp;finden Eltern und Interessierte ein kurzes Schulportr\u00e4t mit Informationen zum F\u00f6rderverein und der OGS, Informationen \u00fcber aktuelle Vorg\u00e4nge an der Schule, Konzepte der Schulgestaltung und Informationsmaterial f\u00fcr Eltern von Schulneulingen. Eine aktuelle Terminliste informiert \u00fcber die wichtigsten Termine aller Klasse f\u00fcr ein Halbjahr.<\/p>\n\n\n\n<p>7. Ausblick<\/p>\n\n\n\n<p>Aus den Unterrichtsevaluationen der Lehrerkonferenz insbesondere f\u00fcr das Fach Sachunterricht lie\u00df sich in den letzten Jahren als \u201eBaustelle\u201c in der Medienausstattung der Marktschule Bonn das Fehlen einer portablen Beamer-Notebook-Kombination ableiten. Seit zwei Jahren befindet sich eine solche Kombination zwar im Besitz der Marktschule, hat sich allerdings als sehr st\u00f6rungsanf\u00e4llig herausgestellt. F\u00fcr den Einsatz in frontalen Instruktionsphasen oder in Pr\u00e4sentationsphasen wird kollegiumsintern aktuell als Alternative zur Beamer-Notebook-Kombination der m\u00f6gliche Einsatz eines digitalen Whiteboards diskutiert.<\/p>\n","protected":false},"excerpt":{"rendered":"<p>Medienkonzept 1. Vorbemerkungen Die Lebenswirklichkeit von Jugendlichen und Kindern hat sich \u2013 gerade was die Medienlandschaft, in der Kinder aufwachsen, &hellip; <\/p>\n","protected":false},"author":1,"featured_media":0,"parent":0,"menu_order":0,"comment_status":"closed","ping_status":"closed","template":"","meta":{"_custom_body_class":"","_custom_post_class":"","footnotes":"","_links_to":"","_links_to_target":""},"class_list":["post-1852","page","type-page","status-publish","hentry"],"publishpress_future_action":{"enabled":false,"date":"2026-05-07 15:52:23","action":"change-status","newStatus":"draft","terms":[],"taxonomy":"","extraData":[]},"publishpress_future_workflow_manual_trigger":{"enabledWorkflows":[]},"_links":{"self":[{"href":"https:\/\/ggs-marktschule.de\/index.php\/wp-json\/wp\/v2\/pages\/1852","targetHints":{"allow":["GET"]}}],"collection":[{"href":"https:\/\/ggs-marktschule.de\/index.php\/wp-json\/wp\/v2\/pages"}],"about":[{"href":"https:\/\/ggs-marktschule.de\/index.php\/wp-json\/wp\/v2\/types\/page"}],"author":[{"embeddable":true,"href":"https:\/\/ggs-marktschule.de\/index.php\/wp-json\/wp\/v2\/users\/1"}],"replies":[{"embeddable":true,"href":"https:\/\/ggs-marktschule.de\/index.php\/wp-json\/wp\/v2\/comments?post=1852"}],"version-history":[{"count":3,"href":"https:\/\/ggs-marktschule.de\/index.php\/wp-json\/wp\/v2\/pages\/1852\/revisions"}],"predecessor-version":[{"id":1870,"href":"https:\/\/ggs-marktschule.de\/index.php\/wp-json\/wp\/v2\/pages\/1852\/revisions\/1870"}],"wp:attachment":[{"href":"https:\/\/ggs-marktschule.de\/index.php\/wp-json\/wp\/v2\/media?parent=1852"}],"curies":[{"name":"wp","href":"https:\/\/api.w.org\/{rel}","templated":true}]}}