{"id":4444,"date":"2024-07-03T13:21:28","date_gmt":"2024-07-03T11:21:28","guid":{"rendered":"https:\/\/ggs-marktschule.de\/?page_id=4444"},"modified":"2024-07-05T09:24:27","modified_gmt":"2024-07-05T07:24:27","slug":"das-schulprofil","status":"publish","type":"page","link":"https:\/\/ggs-marktschule.de\/index.php\/das-schulprofil\/","title":{"rendered":"Das Schulprofil"},"content":{"rendered":"\n<p>Klicken Sie auf die Farbkleckse, dann erfahren Sie mehr \u00fcber unser Schulprofil.<\/p>\n\n\n\n<hr class=\"wp-block-separator\"\/>\n\n\n\n<div class=\"wp-block-group alignwide\"><div class=\"wp-block-group__inner-container is-layout-flow wp-block-group-is-layout-flow\">\n<div class=\"wp-block-columns is-layout-flex wp-container-core-columns-is-layout-9d6595d7 wp-block-columns-is-layout-flex\">\n<div class=\"wp-block-column is-layout-flow wp-block-column-is-layout-flow\">\n<div class=\"wp-block-pb-accordion-item c-accordion__item js-accordion-item no-js\" data-initially-open=\"false\" data-click-to-close=\"true\" data-auto-close=\"true\" data-scroll=\"false\" data-scroll-offset=\"0\"><h2 id=\"at-86178\" class=\"c-accordion__title js-accordion-controller\" role=\"button\"><img loading=\"lazy\" decoding=\"async\" src=\"https:\/\/ggs-marktschule.de\/wp-content\/uploads\/2024\/07\/farbkleckse_leitbild.jpg\" width=\"200\" height=\"200\"><\/h2><div id=\"ac-86178\" class=\"c-accordion__content\">\n<p><h2>Jeder ist willkommen<\/h2>\nDie Marktschule ist ein Ort der Vielfalt und des Miteinanders, an dem Kinder aus verschiedenen Kulturen und Nationen gemeinsam lernen und wachsen. Unsere Schule ist stolz darauf, ein inklusives und vielf\u00e4ltiges Bildungsumfeld zu schaffen, in dem jede:r Sch\u00fcler:in, unabh\u00e4ngig von Herkunft, Geschlecht, Religion, F\u00e4higkeiten oder individuellen Bed\u00fcrfnissen, herzlich willkommen ist. Wir bieten den Kindern einen Schutz- und Wohlf\u00fchlraum.<br>\nUnser Schulprofil basiert auf dem Grundsatz, dass Vielfalt eine St\u00e4rke ist und alle Sch\u00fcler:innen die M\u00f6glichkeit haben sollen, ihr volles Potenzial zu entfalten. Wir sind sicher, dass Inklusion ein Schl\u00fcssel zur F\u00f6rderung des individuellen Wachstums und zur Schaffung eines respektvollen und unterst\u00fctzenden Lernumfelds ist. F\u00fcreinander da zu sein, miteinander und voneinander zu lernen ist der Leitgedanke unserer Schule.\n<\/p>\n<\/div><\/div>\n\n\n\n<div class=\"wp-block-pb-accordion-item c-accordion__item js-accordion-item no-js\" data-initially-open=\"false\" data-click-to-close=\"true\" data-auto-close=\"true\" data-scroll=\"false\" data-scroll-offset=\"0\"><h2 id=\"at-56927\" class=\"c-accordion__title js-accordion-controller\" role=\"button\"><img loading=\"lazy\" decoding=\"async\" src=\"https:\/\/ggs-marktschule.de\/wp-content\/uploads\/2024\/07\/farbkleckse_leitbild4.jpg\" width=\"200\" height=\"200\"><\/h2><div id=\"ac-56927\" class=\"c-accordion__content\">\n<p><h2>Daf\u00fcr stehen wir<\/h2>\n\nUnsere Aufgabe als Schule geht \u00fcber reine Wissensvermittlung hinaus. Die Welt ver\u00e4ndert sich rasend schnell und wir bereiten unsere Sch\u00fcler:innen auf die Herausforderungen dieser Zeit vor: Wir erziehen junge Menschen zu kritischen Denker:innen, die f\u00fcr Toleranz, Vielfalt und Demokratie eintreten. So k\u00f6nnen sie die Zukunft aktiv mitgestalten. Themen wie Bildung f\u00fcr nachhaltige Entwicklung, Digitalisierung und gesunde Ern\u00e4hrung sind wichtige Bestandteile des Schullebens.\nIn der Marktschule legen wir gro\u00dfen Wert darauf, dass jedes Kind ein gesundes und positives Selbstbild entwickelt. Wir ermutigen unsere Sch\u00fcler:innen dazu, stolz auf ihre St\u00e4rken zu sein und gleichzeitig ihre Schw\u00e4chen als Chancen zur Weiterentwicklung zu sehen .<\/p>\n<\/div><\/div>\n\n\n\n<p><\/p>\n<\/div>\n\n\n\n<div class=\"wp-block-column is-layout-flow wp-block-column-is-layout-flow\">\n<div class=\"wp-block-pb-accordion-item c-accordion__item js-accordion-item no-js\" data-initially-open=\"false\" data-click-to-close=\"true\" data-auto-close=\"true\" data-scroll=\"false\" data-scroll-offset=\"0\"><h2 id=\"at-41622\" class=\"c-accordion__title js-accordion-controller\" role=\"button\"><img loading=\"lazy\" decoding=\"async\" src=\"https:\/\/ggs-marktschule.de\/wp-content\/uploads\/2024\/07\/farbkleckse_leitbild2.jpg\" width=\"200\" height=\"200\"><\/h2><div id=\"ac-41622\" class=\"c-accordion__content\">\n<p><h2>Unser multiprofessionelles Team<\/h2>\nUnser Team tr\u00e4gt dazu bei, dass unsere Schule ein Ort des Lernens und Wachsens f\u00fcr jedes Kind ist. Wir sind stolz darauf, vielf\u00e4ltigste Professionen1 in unserem Team zu vereinen. Eine enge Zusammenarbeit und der w\u00f6chentliche Austausch zwischen den Kolleg:innen des Vor- und Nachmittagsbereichs zeichnet uns aus. Die Beratung und Unterst\u00fctzung unserer Sch\u00fcler:innen und deren Familien ist uns ein Herzensanliegen.<br>\nEin besonderes Highlight ist Balu, unser Schulhund. Er tr\u00e4gt zu einer entspannten und freundlichen Schulatmosph\u00e4re bei und ist bei unseren Sch\u00fcler:innen sehr beliebt.<\/p>\n<\/div><\/div>\n\n\n\n<div class=\"wp-block-pb-accordion-item c-accordion__item js-accordion-item no-js\" data-initially-open=\"false\" data-click-to-close=\"true\" data-auto-close=\"true\" data-scroll=\"false\" data-scroll-offset=\"0\"><h2 id=\"at-72543\" class=\"c-accordion__title js-accordion-controller\" role=\"button\"><img loading=\"lazy\" decoding=\"async\" src=\"https:\/\/ggs-marktschule.de\/wp-content\/uploads\/2024\/07\/farbkleckse_leitbild5.jpg\" width=\"200\" height=\"200\"><\/h2><div id=\"ac-72543\" class=\"c-accordion__content\">\n\n<p><h2>Wir gestalten zusammen<\/h2>\n\n\nJede:r ist eingeladen, sich bei der Gestaltung des Schullebens aktiv einzubringen. Kinder und Eltern wirken in unserer Schule demokratisch mit: in Klassenr\u00e4ten, in Gruppenstunden, Sch\u00fclerparlamenten und in der Steuergruppe.<br>\nIn den Klassenr\u00e4ten und Gruppenstunden haben die Sch\u00fcler:innen die M\u00f6glichkeit, ihre Ideen, W\u00fcnsche und Anliegen zu besprechen und L\u00f6sungen f\u00fcr Konflikte zu finden. Im Sch\u00fclerparlament kommen die Klassensprecher:innen unserer Schule zusammen, um \u00fcber Aspekte zu beraten, die die gesamte Schulgemeinschaft betreffen. Um die langfristige Entwicklung unserer Schule zu sichern, haben wir eine Steuergruppe eingerichtet. Hier arbeiten Kolleg:innen des Vor- und Nachmittags mit Eltern gemeinsam an der strategischen und p\u00e4dagogischen Ausrichtung der Schule.<\/p>\n\n<\/div><\/div>\n\n\n\n<p><\/p>\n<\/div>\n\n\n\n<div class=\"wp-block-column is-layout-flow wp-block-column-is-layout-flow\">\n<div class=\"wp-block-pb-accordion-item c-accordion__item js-accordion-item no-js\" data-initially-open=\"false\" data-click-to-close=\"true\" data-auto-close=\"true\" data-scroll=\"false\" data-scroll-offset=\"0\"><h2 id=\"at-18466\" class=\"c-accordion__title js-accordion-controller\" role=\"button\"><img loading=\"lazy\" decoding=\"async\" src=\"https:\/\/ggs-marktschule.de\/wp-content\/uploads\/2024\/07\/farbkleckse_leitbild3.jpg\" width=\"200\" height=\"200\"><\/h2><div id=\"ac-18466\" class=\"c-accordion__content\">\n<p><h2>Lernen an der Marktschule\n<\/h2>\nUnsere Schule bietet den Rahmen f\u00fcr gelungenes Lernen im Ganztag. Wir haben uns dazu verpflichtet, den Tag mit schulischen Inhalten zu f\u00fcllen und gleichzeitig Raum f\u00fcr lebenspraktische F\u00e4higkeiten und wertvolle Freir\u00e4ume zu schaffen. Hier k\u00f6nnen die Kinder in einem ausgewogenen Verh\u00e4ltnis lernen, spielen und sich entfalten.<br>\nDer Unterricht findet in einer offenen, freundlichen und zugewandten Atmosph\u00e4re statt. Wir glauben fest daran, dass Lernen am besten gelingt, wenn es von Freude und Interesse begleitet wird.\nWir ermutigen die Sch\u00fcler:innen, ihre eigenen Grenzen zu erkunden und zu \u00fcberwinden und regen sie zu selbstst\u00e4ndigem Denken und Lernen an.<br>\nKolleg:innen des Vor- und Nachmittags begleiten gemeinsam die Lernzeiten, in denen die Kinder Ihre Hausaufgaben erledigen. Einmal w\u00f6chentlich gibt es f\u00fcr alle Kinder im Nachmittag eine \u201eKunterbuntzeit\u201c.<br>\nDiese Zeit wird in der Regel von Klassenlehrer:innen und Gruppenleitungen gemeinsam gestaltet. Die Kinder haben hier die M\u00f6glichkeit, ihre eigenen Interessen einzubringen. Es handelt sich beispielsweise um Bastel- und Spielangebote, kleine Projekte, Theaterst\u00fccke, Kochen und Backen.\nEin gro\u00dfes Privileg unserer Schule ist die N\u00e4he zu zahlreichen au\u00dferschulischen Lernorten. Dazu geh\u00f6ren Ausfl\u00fcge zur Jugendfarm, Theater- und Museumsbesuche oder Unterrichtsg\u00e4nge in den nahe gelegenen Wald.<br>\nIn unseren vielseitigen Arbeitsgemeinschaften (AGs) und Projekten haben die Kinder die M\u00f6glichkeit, ihren Interessen nachzugehen und neue F\u00e4higkeiten zu entdecken.\nDar\u00fcber hinaus feiern wir gemeinsame Feste, die das Schulleben bunter und fr\u00f6hlicher machen.<\/p>\n<\/div><\/div>\n\n\n\n<div class=\"wp-block-pb-accordion-item c-accordion__item js-accordion-item no-js\" data-initially-open=\"false\" data-click-to-close=\"true\" data-auto-close=\"true\" data-scroll=\"false\" data-scroll-offset=\"0\"><h2 id=\"at-29546\" class=\"c-accordion__title js-accordion-controller\" role=\"button\"><img loading=\"lazy\" decoding=\"async\" src=\"https:\/\/ggs-marktschule.de\/wp-content\/uploads\/2024\/07\/farbkleckse_leitbild6.jpg\" width=\"200\" height=\"200\"><\/h2><div id=\"ac-29546\" class=\"c-accordion__content\">\n<p><h2>Unsere Jugendfarm e.V.<\/h2>\nSeit 2005 ist die Jugendfarm e.V. der Tr\u00e4ger der Offenen Ganztagsschule. Die Marktschule in P\u00fctzchen bietet nahezu jedem Kind einen Platz im Offenen Ganztag. Die Kinder nutzen ihren Klassenraum als Gruppenraum und nehmen gemeinsam am Mittagessen und an der Lernzeit teil.<br>\nUnsere R\u00e4ume werden alle ganzt\u00e4gig multifunktional genutzt. Es gibt verschiedene AGs und tagesaktuelle Aktionen, die sich ebenfalls an den Interessen der Kinder orientieren. Das teiloffene Konzept f\u00f6rdert die Selbstst\u00e4ndigkeit und Selbstbestimmung der Kinder und erm\u00f6glicht auch Kontakte zu Sch\u00fcler:innen aus anderen Gruppen.\nDie Farm als offenes Angebot der Kinder- und Jugendarbeit bietet vor allem natur- und tierp\u00e4dagogische Angebote sowie einen Bauspielplatz. Sie wird als au\u00dferschulischer Lernort genutzt und \u00f6ffnet Freiraum f\u00fcr Spiel, Fantasie und Kreativit\u00e4t abseits des Schulgel\u00e4ndes.<br>\nDie Kooperation des Vor- und Nachmittages erm\u00f6glicht es, Bildung, Erziehung und Betreuung im Sinne der Kinder bestm\u00f6glich zu verzahnen.\n<\/div><\/div>\n\n\n\n<p><\/p>\n<\/div>\n<\/div>\n<\/div><\/div>\n\n\n\n<p><\/p>\n","protected":false},"excerpt":{"rendered":"<p>Klicken Sie auf die Farbkleckse, dann erfahren Sie mehr \u00fcber unser Schulprofil. Jeder ist willkommen Die Marktschule ist ein Ort &hellip; <\/p>\n","protected":false},"author":1,"featured_media":0,"parent":0,"menu_order":0,"comment_status":"closed","ping_status":"closed","template":"","meta":{"_custom_body_class":"","_custom_post_class":"","footnotes":"","_links_to":"","_links_to_target":""},"class_list":["post-4444","page","type-page","status-publish","hentry"],"publishpress_future_action":{"enabled":false,"date":"2026-05-07 14:55:13","action":"change-status","newStatus":"draft","terms":[],"taxonomy":"","extraData":[]},"publishpress_future_workflow_manual_trigger":{"enabledWorkflows":[]},"_links":{"self":[{"href":"https:\/\/ggs-marktschule.de\/index.php\/wp-json\/wp\/v2\/pages\/4444","targetHints":{"allow":["GET"]}}],"collection":[{"href":"https:\/\/ggs-marktschule.de\/index.php\/wp-json\/wp\/v2\/pages"}],"about":[{"href":"https:\/\/ggs-marktschule.de\/index.php\/wp-json\/wp\/v2\/types\/page"}],"author":[{"embeddable":true,"href":"https:\/\/ggs-marktschule.de\/index.php\/wp-json\/wp\/v2\/users\/1"}],"replies":[{"embeddable":true,"href":"https:\/\/ggs-marktschule.de\/index.php\/wp-json\/wp\/v2\/comments?post=4444"}],"version-history":[{"count":43,"href":"https:\/\/ggs-marktschule.de\/index.php\/wp-json\/wp\/v2\/pages\/4444\/revisions"}],"predecessor-version":[{"id":4506,"href":"https:\/\/ggs-marktschule.de\/index.php\/wp-json\/wp\/v2\/pages\/4444\/revisions\/4506"}],"wp:attachment":[{"href":"https:\/\/ggs-marktschule.de\/index.php\/wp-json\/wp\/v2\/media?parent=4444"}],"curies":[{"name":"wp","href":"https:\/\/api.w.org\/{rel}","templated":true}]}}