{"id":45,"date":"2019-10-10T13:02:05","date_gmt":"2019-10-10T11:02:05","guid":{"rendered":"http:\/\/wp.ggs-marktschule.de\/?page_id=45"},"modified":"2019-10-12T10:43:39","modified_gmt":"2019-10-12T08:43:39","slug":"schulprofil","status":"publish","type":"page","link":"https:\/\/ggs-marktschule.de\/index.php\/schulprofil\/","title":{"rendered":"Schulprofil"},"content":{"rendered":"\n<h1 class=\"wp-block-heading\">Unterricht<\/h1>\n\n\n\n<p>Offener Schulbeginn<\/p>\n\n\n\n<p>Offene Unterrichtsformen<\/p>\n\n\n\n<p>\u00b7 Freiarbeit<br>\u00b7 Arbeits\/Wochenplan<br>\u00b7 Projektarbeit<br>\u00b7 Arbeit an Stationen<br>\u00b7 Werkstatt-Arbeit<\/p>\n\n\n\n<p>Differenzierungsma\u00dfnahmen<\/p>\n\n\n\n<p>\u00b7 F\u00f6rderung von Kindern mit besonderen&nbsp;Schwierigkeiten<br>\u00b7 F\u00f6rderung von Kindern mit besonderen&nbsp;Begabungen<br>\u00b7 F\u00f6rderung von Kindern mit Deutsch als Zweitsprache<\/p>\n\n\n\n<p>\u201eGemeinsamer Unterricht\u201c f\u00fcr Kinder mit sonderp\u00e4dagogischem &nbsp;F\u00f6rderbedarf<\/p>\n\n\n\n<p>Unterrichtsg\u00e4nge zu au\u00dferschuli-schen&nbsp; Lernorten (z.B. Sachun-terricht, Kunst)<\/p>\n\n\n\n<p>Zus\u00e4tzliche Angebote in AGs:<\/p>\n\n\n\n<p>\u00b7 Erste Hilfe &nbsp;<br>\u00b7 Streitschlichter<br>\u00b7&nbsp;Sport &nbsp; &nbsp; &nbsp; &nbsp;<\/p>\n\n\n\n<h1 class=\"wp-block-heading\">P\u00e4dagogische Schwerpunkte<\/h1>\n\n\n\n<p>Soziales Lernen<\/p>\n\n\n\n<ul class=\"wp-block-list\"><li>pro Halbjahr drei verbindliche Projekttage zum Thema \u201eFriedliches Miteinander\u201c<\/li><li>Streitschlichterausbildung<\/li><li>Sch\u00fclerparlament<\/li><\/ul>\n\n\n\n<p>Lesen&nbsp;<\/p>\n\n\n\n<p>Arbeit mit neuen Medien<\/p>\n\n\n\n<p>F\u00f6rderung von Kindern mit Migrations-hintergrund im ersten Schuljahr (DaZ)<\/p>\n\n\n\n<p>Integration von Kindern mit sonderp\u00e4dagogischem F\u00f6rderbedarf&nbsp;<\/p>\n\n\n\n<p>Schule als Lern- und Lebensraum: Offene Ganztagsgrundschule<\/p>\n\n\n\n<p>Klassenausfl\u00fcge und\/oder Klassen-fahrten<\/p>\n\n\n\n<h1 class=\"wp-block-heading\">Schulleben<\/h1>\n\n\n\n<p>Klassenfeste und -fahrten<\/p>\n\n\n\n<p>Sankt Martinszug<\/p>\n\n\n\n<p>Karneval<\/p>\n\n\n\n<p>Spiel \u2013 und Sportfest<\/p>\n\n\n\n<p>Jahreszeitlich gebundene Feste in enger Zusammenarbeit mit dem F\u00f6rderverein<\/p>\n\n\n\n<p>Schulobstprojekt des Landes NRW<\/p>\n\n\n\n<h1 class=\"wp-block-heading\">\u00dcberg\u00e4nge<\/h1>\n\n\n\n<p>Zusammenarbeit mit Kinderg\u00e4rten<\/p>\n\n\n\n<ul class=\"wp-block-list\"><li>gemeinsame Planung&nbsp; und Gestaltung des Elternabends f\u00fcr die Eltern der 4-J\u00e4hrigen<\/li><li>Konferenz mit Kolleg\/innen und Vertreter\/innen der Kinderg\u00e4rten<\/li><li>Kindergartenbesuche der Lehrer\/innen<\/li><li>Einladung der KG zu Schulveranstaltungen<\/li><li>\u201eSchnupperstunde\u201c f\u00fcr die neuen Erstkl\u00e4ssler<\/li><\/ul>\n\n\n\n<p>&nbsp;Zusammenarbeit mit weiterf\u00fchrenden Schulen<\/p>\n\n\n\n<ul class=\"wp-block-list\"><li>Teilnahme an Erprobungsstufenkonferenzen<\/li><li>Teilnahme an Fachkonferenzen&nbsp; (Englisch)<\/li><li>Hospitation in verschiedenen&nbsp; Schulen<\/li><li>Hospitation von GU-Lehrer\/innen&nbsp; der weiterf\u00fchrenden Schulen in&nbsp; den vierten Klassen<\/li><li>Forum: Lernbiographie ohne Br\u00fcche<\/li><\/ul>\n\n\n\n<h1 class=\"wp-block-heading\">Kooperationspartner<\/h1>\n\n\n\n<p>Jugendfarm e.V.<\/p>\n\n\n\n<ul class=\"wp-block-list\"><li>Tr\u00e4ger der OGS<\/li><li>Nutzung des Gel\u00e4ndes sowie der p\u00e4d. Angebote f\u00fcr Klassenprojekttage<\/li><\/ul>\n\n\n\n<p>F\u00f6rderverein \u201eF\u00f6r de P\u00e4nz\u201c e.V.<\/p>\n\n\n\n<ul class=\"wp-block-list\"><li>Anschaffung von Lernmaterialien<\/li><\/ul>\n\n\n\n<p>TUS P\u00fctzchen<\/p>\n\n\n\n<ul class=\"wp-block-list\"><li>stellt sportliche Angebote im Rahmen der OGS<\/li><\/ul>\n\n\n\n<p>Polizei<\/p>\n\n\n\n<ul class=\"wp-block-list\"><li>Verkehrswegtraining Klasse 1<\/li><li>Fahrradtraining\/Pr\u00fcfung Klasse 4<\/li><li>Busschule f\u00fcr Klasse 3<\/li><\/ul>\n\n\n\n<p>Gesundheitsamt<\/p>\n\n\n\n<ul class=\"wp-block-list\"><li>Zahnprophylaxe<\/li><li>zahn\u00e4rztliche Reihenuntersuchung<\/li><\/ul>\n\n\n\n<p>St. Sebastianus Sch\u00fctzenbruderschaft<\/p>\n\n\n\n<ul class=\"wp-block-list\"><li>Brauchtumspflege\/Feier zum Festtag des Heiligen Sebastianus am 20.Januar<\/li><\/ul>\n\n\n\n<p>Kath. und ev. Kirche in P\u00fctzchen<\/p>\n\n\n\n<ul class=\"wp-block-list\"><li>Schulgottesdienste f\u00fcr die Klassen 2 \u2013 4<\/li><li>Einschulungs-, Abschluss \u2013 und Weihnachtsgottesdienste<\/li><\/ul>\n\n\n\n<p>IBA (International Brass Agency)<\/p>\n\n\n\n<ul class=\"wp-block-list\"><li>Angebot von Instrumentalunterricht<\/li><\/ul>\n\n\n\n<h1 class=\"wp-block-heading\">Zusammenarbeit im Kollegium<\/h1>\n\n\n\n<p>Schulinterne Lehrerfortbildung \/ P\u00e4dagogische Konferenzen<\/p>\n\n\n\n<p>Gemeinsame Planung von Projekten und anderen Aktivit\u00e4ten in Stufen- und&nbsp;Fachkonferenzen<\/p>\n\n\n\n<p>Gemeinsame Konferenzen der LehrerInnen und den Mitarbeitern\/Mitarbeiterinnen des Nachmittags<\/p>\n\n\n\n<p>Ausbildung von Lehramtsanw\u00e4rter\/innen<\/p>\n\n\n\n<p>Betreute Praktika von Sch\u00fclerinnen\/Sch\u00fclern&nbsp; und Studentinnen\/Studenten<\/p>\n\n\n\n<p>Absprache \u00fcber Parallelarbeiten<\/p>\n\n\n\n<p>Austausch von Arbeitsmitteln<\/p>\n\n\n\n<h1 class=\"wp-block-heading\">Darstellung in der \u00d6ffentlichkeit<\/h1>\n\n\n\n<p>Mitarbeit im Kreis der Ortsvereine von P\u00fctzchen<\/p>\n\n\n\n<p>Mitarbeit im Arbeitskreis Beuel Nord<\/p>\n\n\n\n<p>Feste und Feiern in der Schule<\/p>\n\n\n\n<p>Mitgestaltung der Seniorenfeste&nbsp;der ev. und kath. Kirche im Advent<\/p>\n\n\n\n<p>Organisation des Martinszugs<\/p>\n\n\n\n<p>Tag der offenen T\u00fcr<\/p>\n\n\n\n<h1 class=\"wp-block-heading\">Elternberatung und Information<\/h1>\n\n\n\n<p>Erste Informationen f\u00fcr Eltern der zuk\u00fcnftigen Erstkl\u00e4ssler auf Elternabenden in den benachbarten Kinderg\u00e4rten<\/p>\n\n\n\n<p>Marktschul-ABC&nbsp;(f\u00fcr Eltern der neuen Erstkl\u00e4ssler)<\/p>\n\n\n\n<p>Informationsabend vor der Anmeldung der Erstkl\u00e4ssler<\/p>\n\n\n\n<p>Klassenpflegschaftssitzungen<\/p>\n\n\n\n<p>Elternsprechtage<\/p>\n\n\n\n<p>Individuelle Beratung vor dem \u00dcbergang auf die weiterf\u00fchren-den Schulen<\/p>\n\n\n\n<p>Informationsabend f\u00fcr die Eltern der Viertkl\u00e4ssler<\/p>\n","protected":false},"excerpt":{"rendered":"<p>Unterricht Offener Schulbeginn Offene Unterrichtsformen \u00b7 Freiarbeit\u00b7 Arbeits\/Wochenplan\u00b7 Projektarbeit\u00b7 Arbeit an Stationen\u00b7 Werkstatt-Arbeit Differenzierungsma\u00dfnahmen \u00b7 F\u00f6rderung von Kindern mit besonderen&nbsp;Schwierigkeiten\u00b7 &hellip; <\/p>\n","protected":false},"author":1,"featured_media":0,"parent":0,"menu_order":0,"comment_status":"closed","ping_status":"closed","template":"","meta":{"_custom_body_class":"","_custom_post_class":"","footnotes":"","_links_to":"","_links_to_target":""},"class_list":["post-45","page","type-page","status-publish","hentry"],"publishpress_future_action":{"enabled":false,"date":"2026-05-07 15:55:07","action":"change-status","newStatus":"draft","terms":[],"taxonomy":"","extraData":[]},"publishpress_future_workflow_manual_trigger":{"enabledWorkflows":[]},"_links":{"self":[{"href":"https:\/\/ggs-marktschule.de\/index.php\/wp-json\/wp\/v2\/pages\/45","targetHints":{"allow":["GET"]}}],"collection":[{"href":"https:\/\/ggs-marktschule.de\/index.php\/wp-json\/wp\/v2\/pages"}],"about":[{"href":"https:\/\/ggs-marktschule.de\/index.php\/wp-json\/wp\/v2\/types\/page"}],"author":[{"embeddable":true,"href":"https:\/\/ggs-marktschule.de\/index.php\/wp-json\/wp\/v2\/users\/1"}],"replies":[{"embeddable":true,"href":"https:\/\/ggs-marktschule.de\/index.php\/wp-json\/wp\/v2\/comments?post=45"}],"version-history":[{"count":2,"href":"https:\/\/ggs-marktschule.de\/index.php\/wp-json\/wp\/v2\/pages\/45\/revisions"}],"predecessor-version":[{"id":1718,"href":"https:\/\/ggs-marktschule.de\/index.php\/wp-json\/wp\/v2\/pages\/45\/revisions\/1718"}],"wp:attachment":[{"href":"https:\/\/ggs-marktschule.de\/index.php\/wp-json\/wp\/v2\/media?parent=45"}],"curies":[{"name":"wp","href":"https:\/\/api.w.org\/{rel}","templated":true}]}}